{"id":83,"date":"2024-03-18T12:29:17","date_gmt":"2024-03-18T12:29:17","guid":{"rendered":"https:\/\/gr\u00fcezi-schwiiz.ch\/?page_id=83"},"modified":"2025-09-17T19:45:20","modified_gmt":"2025-09-17T19:45:20","slug":"die-idee","status":"publish","type":"page","link":"https:\/\/gr\u00fcezi-schwiiz.ch\/?page_id=83","title":{"rendered":"Das Projekt"},"content":{"rendered":"<p><a href=\"#DE\"><img loading=\"lazy\" decoding=\"async\" class=\"alignnone wp-image-461\" src=\"https:\/\/gr\u00fcezi-schwiiz.ch\/wp-content\/uploads\/2025\/08\/DE-300x169.jpg\" alt=\"\" width=\"106\" height=\"60\" srcset=\"https:\/\/gr\u00fcezi-schwiiz.ch\/wp-content\/uploads\/2025\/08\/DE-300x169.jpg 300w, https:\/\/gr\u00fcezi-schwiiz.ch\/wp-content\/uploads\/2025\/08\/DE-1024x576.jpg 1024w, https:\/\/gr\u00fcezi-schwiiz.ch\/wp-content\/uploads\/2025\/08\/DE-768x432.jpg 768w, https:\/\/gr\u00fcezi-schwiiz.ch\/wp-content\/uploads\/2025\/08\/DE.jpg 1440w\" sizes=\"auto, (max-width: 106px) 100vw, 106px\" \/><\/a> <a href=\"#EN\"><img loading=\"lazy\" decoding=\"async\" class=\"alignnone wp-image-463\" src=\"https:\/\/gr\u00fcezi-schwiiz.ch\/wp-content\/uploads\/2025\/08\/English-300x180.png\" alt=\"\" width=\"100\" height=\"60\" srcset=\"https:\/\/gr\u00fcezi-schwiiz.ch\/wp-content\/uploads\/2025\/08\/English-300x180.png 300w, https:\/\/gr\u00fcezi-schwiiz.ch\/wp-content\/uploads\/2025\/08\/English.png 315w\" sizes=\"auto, (max-width: 100px) 100vw, 100px\" \/><\/a> <a href=\"#FR\"><img loading=\"lazy\" decoding=\"async\" class=\"alignnone wp-image-464\" src=\"https:\/\/gr\u00fcezi-schwiiz.ch\/wp-content\/uploads\/2025\/08\/FR-300x200.jpeg\" alt=\"\" width=\"90\" height=\"60\" srcset=\"https:\/\/gr\u00fcezi-schwiiz.ch\/wp-content\/uploads\/2025\/08\/FR-300x200.jpeg 300w, https:\/\/gr\u00fcezi-schwiiz.ch\/wp-content\/uploads\/2025\/08\/FR.jpeg 619w\" sizes=\"auto, (max-width: 90px) 100vw, 90px\" \/><\/a><\/p>\n<h2><a name=\"DE\"><\/a>Deutsch<\/h2>\n<h1 style=\"text-align: center;\"><strong>Das Projekt<\/strong><\/h1>\n<p style=\"text-align: center;\"><img loading=\"lazy\" decoding=\"async\" class=\"wp-image-291 size-full aligncenter\" src=\"https:\/\/gr\u00fcezi-schwiiz.ch\/wp-content\/uploads\/2024\/07\/logoleer.png\" alt=\"\" width=\"646\" height=\"461\" srcset=\"https:\/\/gr\u00fcezi-schwiiz.ch\/wp-content\/uploads\/2024\/07\/logoleer.png 646w, https:\/\/gr\u00fcezi-schwiiz.ch\/wp-content\/uploads\/2024\/07\/logoleer-300x214.png 300w\" sizes=\"auto, (max-width: 646px) 100vw, 646px\" \/><\/p>\n<p style=\"text-align: center;\">Das Ziel des Vereins ist es (gr\u00f6ssere) Veranstaltungen (Events) in der Schweiz durchzuf\u00fchren und tolle Dosen zu erschaffen und Interessierte zusammenzubringen.<\/p>\n<p style=\"text-align: center;\">Dazu pflegt der Verein Kontakte mit Beh\u00f6rden, Verb\u00e4nden und Privatpersonen und ist in der \u00d6ffentlichkeit pr\u00e4sent.<\/p>\n<p style=\"text-align: center;\">Unser Projekt beim Schweizer Geocaching Podcast von <a href=\"https:\/\/podcast.paravan.ch\/podcasts-2\/\">Paravan<\/a> (#175):<\/p>\n<audio class=\"wp-audio-shortcode\" id=\"audio-83-1\" preload=\"none\" style=\"width: 100%;\" controls=\"controls\"><source type=\"audio\/mpeg\" src=\"https:\/\/gr\u00fcezi-schwiiz.ch\/wp-content\/uploads\/2025\/08\/SchweizerGeocachingPodcastNr175.mp3?_=1\" \/><a href=\"https:\/\/gr\u00fcezi-schwiiz.ch\/wp-content\/uploads\/2025\/08\/SchweizerGeocachingPodcastNr175.mp3\">https:\/\/gr\u00fcezi-schwiiz.ch\/wp-content\/uploads\/2025\/08\/SchweizerGeocachingPodcastNr175.mp3<\/a><\/audio>\n<p style=\"text-align: center;\">Wir haben den Podcast transkribiert, du findest diese Version hier:<\/p>\n<p><strong>Paravan:<\/strong> Ja, schon seit einiger Zeit sind uns bei Geocaching-Events Personen mit roten T-Shirts oder Jacken aufgefallen, mit dem Logo \u00abGr\u00fcezi sCHwiiz\u00bb darauf. Das ist aber nicht die Werbung von Schweiz Tourismus, sondern \u2013 ich habe es schon vermutet \u2013 es deutet auf irgendeinen Anlass hin, der irgendwann stattfinden soll. Heute, an einem regnerischen Abend, sitze ich mit vier von diesen Leuten hier in einem Caf\u00e9. Es regnet und ich bin gespannt, was hinter Gr\u00fcezi sCHwiiz und den roten T-Shirts steckt. Jetzt hier am Tisch sind Claudia (Frau tenavat), fastoa junior Fabian, fastoa senior Adrian und Jack Dalton, der Marius.<br \/>\nMarius, \u00abGr\u00fcezi\u00bb steht nicht nur auf euren T-Shirts und Jacken, weil ihr Schweizer seid oder Werbung f\u00fcr Schweiz Tourismus macht. Was steckt dahinter?<br \/>\n<span class=\"ellipsis\" id=\"ellipsis-670747001\">...<\/span><span class=\"rmwp-button-wrap\" id=\"rmwp-button-wrap-670747001\" style=\"display: none;\"><button name=\"read more\" type=\"button\" onclick=\"rmwpButtonAction( '670747001', 'Read More', 'Read Less' )\">Read More<\/button><\/span><div class=\"rmwp-toggle \" id=\"rmwp-toggle-670747001\" style=\"display: none\"><\/p>\n<p><strong>Marius:<\/strong> Da steckt eine lustige Geschichte dahinter. Denn immer, wenn man an gr\u00f6sseren Events im Ausland gemerkt hat, dass wir Schweizer sind, haben die Leute \u00abGr\u00fcezi\u00bb gesagt. Als wir uns entschieden haben, ein Projekt zusammen zu machen und nach einem Namen suchten, kam uns das wieder in den Sinn. Wir dachten: \u00abGr\u00fcezi sCHwiiz\u00bb ist doch das Motto f\u00fcr unseren Grossanlass.<\/p>\n<p><strong>Paravan:<\/strong> Nun, du hast es jetzt schon verraten: Ihr plant einen Grossanlass, und man kann sich den Termin bereits im Kalender eintragen. Wann findet er statt und in welcher Region?<\/p>\n<p><strong>Marius:<\/strong> Er findet vom 4. bis 6. September 2026 statt, also in einem Jahr, in der Region Aarau.<\/p>\n<p><strong>Paravan:<\/strong> Gut, der Anlass heisst Gr\u00fcezi sCHwiiz, und ihr seid Teil des Organisationskomitees. Ihr seid aber nur vier von mehreren Leuten. Wie seid ihr organisiert, wer steckt hinter dieser Idee?<\/p>\n<p><strong>Adrian:<\/strong> Wir haben zuerst einen Verein gegr\u00fcndet, der heisst \u00abGeocaching Nordwestschweiz\u00bb, und zwar, damit wir diesen Anlass \u00fcberhaupt organisieren konnten. Wir sind momentan acht Leute im OK: Jack Dalton, Fabian \u2013 also fastoa Junior \u2013, Claudia (Frau tenavat) und Philipp (Herr tenavat), ausserdem Meinisu (Meini), Chose80 (Stefan), 3Mosqueteiros (Holger), Holger sowie ich (fastoa senior; Adrian).<\/p>\n<p><strong>Paravan:<\/strong> Ja, es ist immer gut, einen Verein zu haben \u2013 das ist ja auch typisch schweizerisch. Aber was hat euch dazu bewogen, einen Verein zu gr\u00fcnden, um ein Geocaching-Event durchzuf\u00fchren?<\/p>\n<p><strong>Adrian:<\/strong> Die Motivation dahinter ist folgende: Die meisten vom Verein GCNordwestschweiz, wie der Verein richtig heisst, gehen ab und zu an einem Donnerstag cachen. W\u00e4hrend des Laufens meinte irgendwann jemand, man k\u00f6nne doch eigentlich mal etwas Gr\u00f6sseres machen. Wir hatten schon lange mit so etwas gelieb\u00e4ugelt. Ich weiss nicht mehr, wer es war, aber jemand meinte dann: \u00abKomm, wir organisieren einen grossen Event.\u00bb<\/p>\n<p><strong>Paravan:<\/strong> Wann war das? Wann habt ihr gestartet?<\/p>\n<p><strong>Adrian:<\/strong> Vor zwei Jahren.<\/p>\n<p><strong>Paravan:<\/strong> Also 2023 \u2013 drei Jahre Vorlauf f\u00fcr so einen grossen Event. Jetzt, Marius, du hast gesagt, ihr seid im Ausland an Events gewesen und habt das \u00abGr\u00fcezi\u00bb geh\u00f6rt, das jetzt euer Motto ist. Darf ich als Schweizer auch an den Event kommen, oder sind vor allem ausl\u00e4ndische Cacher euer Zielpublikum?<\/p>\n<p><strong>Marius:<\/strong> Nein, es ist umso wichtiger, dass auch die Leute aus der Schweiz teilnehmen. Wir brauchen sie \u2013 als Helfende, aber auch als Publikum. Ich denke, ohne die Leute von hier geht es nicht. Aber auch im Ausland haben wir viele kennengelernt und freuen uns, wenn sie kommen, sodass wir ihnen die Schweiz und diese Region zeigen d\u00fcrfen.<\/p>\n<p><strong>Paravan:<\/strong> Wenn du von Teilnehmern sprichst \u2013 wir sitzen hier nun in einem Caf\u00e9 mit relativ wenig Leuten. Das g\u00e4be ein sch\u00f6nes, gem\u00fctliches Geocaching-Event. Aber ich glaube, ihr denkt etwas gr\u00f6sser. In welchen Dimensionen denkt ihr?<\/p>\n<p><strong>Claudia:<\/strong> Also, ich glaube, wir d\u00fcrfen schon sagen: Wir sind in Aarau, das hat Marius schon erw\u00e4hnt, und wir sind in der Reithalle. Und du siehst das richtig \u2013 dort hat es viel mehr Platz als in diesem herzigen Caf\u00e9. Ich denke, ein paar Hundert Leute w\u00e4ren schon sch\u00f6n, wenn sie kommen w\u00fcrden. Zu gross \u2013 das ist halt auch typisch Schweiz \u2013 m\u00f6chten wir aber auch nicht werden. Wir denken in normalen Dimensionen; vierstellig w\u00fcrde uns so langsam an unsere Grenzen bringen. Wir m\u00f6chten nat\u00fcrlich schon, dass es gut besucht wird, denn es gibt nichts Schlimmeres als ein Fest, bei dem niemand vorbeischaut.<\/p>\n<p><strong>Paravan:<\/strong> Die Erfahrung zeigt, dass Geocaching-Events beliebt sind \u2013 GeocacherInnen sind gesellige Leute. Die Reithalle haben wir ja gerade eben besucht. Dort k\u00f6nnen Pferde galoppieren, und sie ist gross genug, damit viele Leute kommen k\u00f6nnten. Im Geocaching-Event-Business gibt es ja so magische Zahlen, die heissen zum Beispiel 300 oder 1000. Jetzt sind wir gespannt, welche Dimensionen ihr erreichen werdet. Die Erfahrung hat gezeigt, dass die letzten gr\u00f6sseren Events \u2013 so viele gab es bisher noch nicht in der Schweiz \u2013 solche Zahlen erreichen konnten, mit Teilnehmern aus dem In- und Ausland.<br \/>\nJetzt frage ich provokativ: Was wird gleich sein wie zum Beispiel bei einem Event in Frauenfeld, und was wird vielleicht auch anders sein?<\/p>\n<p><strong>Adrian:<\/strong> Man kann sagen, was gleich bleibt, ist der Event mit Essen und Trinken. Der Rest sind dann noch einige \u00dcberraschungen, die wir haben. Wir haben noch einen Cacher gefunden, der uns tolle Lab-Stationen in der Halle macht, die ganz speziell sind. Wir haben schon vier Posten gesehen, und diese haben und wirklich \u00fcberrascht, so etwas hat man wohl noch nie gesehen. Wir haben noch etwas anderes geplant, das zum ersten Mal in der Schweiz stattfinden wird. Aber dazu sagen wir noch nicht viel.<\/p>\n<p><strong>Paravan:<\/strong> Also, du willst jetzt nichts verraten, aber ich sage: Es gibt es, es hat es schon gegeben in anderen L\u00e4ndern Aber es hat es noch nicht in der Schweiz gegeben?<\/p>\n<p><strong>Adrian:<\/strong> Ja<\/p>\n<p><strong>Paravan<\/strong>: Dann lassen wir uns da \u00fcberraschen. Man kann sich ja informieren und sich Gedanken machen. Man k\u00f6nnte ja auch ein Lotto machen, wer die \u00dcberraschung err\u00e4t \u2013 nur so als Anregung f\u00fcr euch. Im Vorgespr\u00e4ch habt ihr erw\u00e4hnt, ihr arbeitet auch mit anderen Organisationen zusammen. Was k\u00f6nnt ihr dar\u00fcber erz\u00e4hlen?<\/p>\n<p><strong>Marius:<\/strong> Da geht es um verschiedene Dinge. Ich bin in der Pfadi, dort haben wir Verbindungen. Wir schauen, dass wir mit den Jugendvereinen der Stadt Aarau zusammenarbeiten, damit sie uns unterst\u00fctzen und auch etwas daf\u00fcr bekommen. Wir haben auch verschiedene lokale Gewerbe und Anbieter, die wir ber\u00fccksichtigen. Das sind Institutionen, Vereine und Firmen, mit denen wir Verbindungen haben. Wir schauen, dass wir die Brauerei, in der ich Aktien habe, auch ber\u00fccksichtigen k\u00f6nnen. Die Leute \u2013 wie wir es in Belgien erlebt haben \u2013 k\u00f6nnen dann ein Aarauer Bier trinken.<\/p>\n<p><strong>Paravan:<\/strong> Oder ein Cacher-Bier \u2013 wer weiss.<\/p>\n<p><strong>Marius:<\/strong> Vielleicht schaffen wir das noch \u2013 wer weiss.<\/p>\n<p><strong>Paravan:<\/strong> Jetzt habe ich das vielleicht falsch verstanden, aber irgendwann ist mir das Wort \u00abStandortf\u00f6rderung Aarau\u00bb aufgefallen. Kannst du dazu noch etwas sagen?<\/p>\n<p><strong>Marius:<\/strong> Ja, das war eines der ersten Dinge, die wir gemacht haben. Wir sagten, wir wollen eventuell etwas in der Region Aarau machen. Da sind wir nat\u00fcrlich auf die Standortf\u00f6rderung Aarau zugegangen. Und die haben grosses Interesse gezeigt. Sie haben verschiedene Themenbereiche, und den Bereich Natur und Umwelt wollten sie in letzter Zeit stark f\u00f6rdern. Da sind wir mit unserem Anlass auf offene T\u00fcren gestossen. Davon k\u00f6nnen sie auch profitieren. Sie haben Verbindungen zu Medien, zu Leuten, die sie kennen, und profitieren von ihrem Netzwerk.<\/p>\n<p><strong>Paravan:<\/strong> Der Anlass dauert drei Tage, vom Freitag, 4. bis Sonntag, 6. September 2026, hier in Aarau. Wenn ich nun hierherreise und das Gef\u00fchl habe, ich m\u00f6chte mal etwas anderes machen als Geocachen \u2013 wof\u00fcr lohnt es sich sonst noch, nach Aarau zu kommen? Oder vielleicht das Wochenende zu verl\u00e4ngern, vorher oder nachher?<\/p>\n<p><strong>Marius:<\/strong> Also, der absolute Geheimtipp \u2013 aber das ist wirklich nicht so einfach zu entdecken, wir sind da auch noch dran \u2013 sind nat\u00fcrlich die Meyerschen Stollen, also das unterirdische Stollensystem in Aarau. Es gibt auch einen Virtual Cache von mir dazu. Das ist etwas, das fast niemand kennt, auch Leute nicht, die hier wohnen. Und sonst haben wir nat\u00fcrlich super Angebote: Wir haben ein Naherholungsgebiet an der Aare, wo man spazieren kann. Wir haben den Eppenberg in der N\u00e4he, wo man klettern kann, und daneben gibt es einen Tierpark. Ich glaube, die Region hat sehr viel zu bieten. Da wird es einem nicht langweilig.<\/p>\n<p><strong>Paravan:<\/strong> Die Meyerschen Stollen \u2013 das ist ein Tipp f\u00fcr alle, die jetzt schon anfangen zu planen. Vielleicht kann man sich schon einen Termin organisieren. Das ist wirklich ein Geheimtipp. Ich durfte an einem Anlass teilnehmen, den Geocacher organisiert haben. Man ist irgendwo in ein Haus eingestiegen. Das sind Stollen, die irgendwann im 19. Jahrhundert gegraben wurden, wo ein Wasserzufluss oder etwas \u00c4hnliches unter der Stadt hindurchf\u00fchrt. Ich glaube, man hat noch nicht alles entdeckt. Irgendwann ist man wieder auf diese Stollen gestossen. Ein Teil ist nur begrenzt begehbar. Also ein Geheimtipp f\u00fcr alle, die schon ihre Reise nach Aarau planen \u2013 das lohnt sich jetzt schon.<br \/>\nWenn man plant, an ein Event zu kommen und nicht nur ein paar Stunden verbringen will, m\u00f6chte man ja vielleicht auch \u00fcbernachten. Kann man den Schlafsack in der Halle ausrollen? Was habt ihr da geplant?<\/p>\n<p><strong>Adrian:<\/strong> Die Standortf\u00f6rderung ist uns hier auch entgegengekommen. Bis zwei Wochen vorher k\u00f6nnen sie Hotels in der Region blockieren. Bis zwei Wochen vor dem Eventbeginn kann man, wenn es noch freie Hotelzimmer gibt, eines buchen.<\/p>\n<p><strong>Paravan:<\/strong> Das mit dem Schlafsack in der Halle war nur eine Idee von mir. Das ist nicht fix. Jetzt m\u00f6chte ich meinen Termin in der Agenda reservieren. Wie geht es aus eurer Sicht weiter?<\/p>\n<p><strong>Claudia:<\/strong> Das HQ von geocaching.com hat knallharte Bestimmungen. Es gibt ein CCE-Event von uns in Auenstein. Der findet ein Jahr vorher in Auenstein statt. Dort darf man gerne vorbeikommen. Es gibt etwas zu trinken, man kann grillieren, es gibt auch ein feines Dessert. Unser guter Kollege Chose80, der auch den grossen Event mitorganisiert, hat eine sch\u00f6ne Boxenrunde vorbereitet \u2013 ein Highlight. Dort wird tats\u00e4chlich w\u00e4hrend des Events etwas passieren, wo man dann auch mehr Informationen bekommt. Gleichzeitig wird uns allen bewusst sein m\u00fcssen, dass wir acht Nasen das nicht alleine stemmen k\u00f6nnen. Wir sind wirklich froh, wenn Leute zum Grillieren kommen. Dort wird es auch eine Helferliste geben, die wir gerne langsam f\u00fcllen m\u00f6chten. An diesem Datum, am 6.9. in Auenstein, bei diesem Event, wird man sicher mehr erfahren.<\/p>\n<p><strong>Paravan:<\/strong> Ich verlinke das auf meiner Podcast-Seite. 06.09.2025 \u2013 also kurz nachdem dieses Interview publiziert wird \u2013 kann man an diesen Anlass, wo es mehr Infos gibt. Und ab dann, auch wenn ich nicht am Event bin, gibt es Informationen online, im Listing oder wo auch immer.<br \/>\nIhr seid nur acht. Du hast es erw\u00e4hnt: Ihr braucht Helfer.<\/p>\n<p><strong>F\u00e4bu:<\/strong> Genau, es wird am Event ein Online-Formular geben. Damit wir alles digital haben, das jeder ausf\u00fcllen kann. Das werden wir auf den bekannten Kan\u00e4len bekannt machen, damit alle, die Interesse haben, es sehen. Wir sammeln Vorinformationen \u2013 noch nicht f\u00fcr die genaue Schicht, sondern wir suchen die Interessierten.<\/p>\n<p><strong>Paravan:<\/strong> Aber zu tun gibt es sicher \u2013 zahlreiche Helfer werden ben\u00f6tigt, weil Geocaching von freiwilligen Leuten abh\u00e4ngt. Ihr seid schon l\u00e4nger am Planen. Vor zwei Jahren gab es den Startschuss, und jetzt gibt es wahrscheinlich mehr Speed. Was sind die grossen Herausforderungen, wenn man so ein Event plant? Wo habt ihr gesagt, es sei einfacher gegangen, und wo habt ihr gedacht, es sei steiniger?<\/p>\n<p><strong>Marius:<\/strong> Ich glaube, es gibt immer wieder Herausforderungen, bei denen man denkt: \u00abJa, das haben wir eigentlich schon geregelt.\u00bb Und dann merkt man, dass es doch noch andere Sachen gibt, auf die man R\u00fccksicht nehmen muss. Wir haben zum Beispiel gewusst, dass die Stadt gewisse Vorgaben macht. Darauf haben wir uns vorbereitet. Danach haben wir herausgefunden, dass zum Beispiel am gleichen Wochenende noch etwas anderes in der Stadt los ist. Das sind immer wieder Dinge, bei denen man zuerst denkt, das sei ganz einfach. Wenn man dann mit den ersten paar Anfragen oder mit der Organisation beginnt, kommt trotzdem noch eine H\u00fcrde. Bis jetzt haben wir eigentlich jeden Stein, der uns in den Weg gelegt wurde, aus dem Weg ger\u00e4umt. Und wir hoffen, dass es so weitergeht.<\/p>\n<p><strong>Paravan:<\/strong> Warum habt ihr einen Verein gegr\u00fcndet? Man h\u00e4tte ja auch einfach sagen k\u00f6nnen: \u00abKomm, wir setzen uns hier zusammen und machen einen Event.\u00bb Warum jetzt auch noch ein Verein mit Vorstand, Statuten, Postkonto und allem, was dazugeh\u00f6rt?<\/p>\n<p><strong>Adrian:<\/strong> Das muss man ganz ehrlich sagen: Wir wissen ja nicht, wie es finanziell herauskommt. Die Halle kostet auch etwas, die k\u00f6nnen wir nicht gratis \u00fcbernehmen. Wir wollten uns mehr oder weniger absichern, dass am Schluss der Verein haftet. Das ist eigentlich der einzige Grund. Wir haben einen sehr guten Kollegen \u2013 Philipp, Claudias Mann \u2013, der ist Jurist. Er hat uns sehr gut beraten und uns auch bei der Miete der Halle mit dem Vertrag stark unterst\u00fctzt. Das ist Gold wert f\u00fcr uns. Wir sind nicht solche Leute, die schon Hunderte so grosser Anl\u00e4sse organisiert haben.<\/p>\n<p><strong>Claudia:<\/strong> Eine Herausforderung, die wir auch gemerkt haben, ist: Wo liegen unsere St\u00e4rken und Schw\u00e4chen? Wir kennen uns gut, aber wir kennen uns vom Cachen her. Wir kennen uns nicht, wenn es um finanzielle Sachen geht. Wir kennen uns nicht, wenn es darum geht, Abkl\u00e4rungen zu treffen, Zuverl\u00e4ssigkeit, handwerkliches Geschick usw. Wir haben nat\u00fcrlich zuerst Ressorts verteilt. Aber es gab Ressorts, f\u00fcr die sich niemand zust\u00e4ndig f\u00fchlte. Jeder muss halt sein Bestes geben. Und manchmal gibt es Dinge, bei denen man nicht unbedingt der gleichen Meinung ist. Das muss man schlussendlich auch aushalten.<\/p>\n<p><strong>Paravan:<\/strong> Empfiehlt ihr es jemandem, der einen gr\u00f6sseren Anlass planen m\u00f6chte, einen Verein zu gr\u00fcnden?<\/p>\n<p><strong>Claudia:<\/strong> Auf jeden Fall. Und dann lohnt es sich wirklich auch \u2013 wie gesagt, wir hatten jetzt das Gl\u00fcck, dass Philipp, mein Mann, vom Fach ist. Aber es lohnt sich auch, wenn man vielleicht den einen oder anderen Batzen daf\u00fcr ausgibt, dass jemand, der sich auskennt, alles durchschaut. Denn was man unterschreibt, das hat man unterschrieben, und dann gibt es kein Zur\u00fcck.<\/p>\n<p><strong>Paravan:<\/strong> Da gibt es die Frage: Von welchem Budgetrahmen sprechen wir? Um ein Gef\u00fchl zu bekommen \u2013 so eine Halle kostet wahrscheinlich auch nicht nur zwei Franken pro Teilnehmer. K\u00f6nnt oder m\u00f6chtet ihr etwas \u00fcber den Budgetrahmen verraten?<\/p>\n<p><strong>Claudia:<\/strong> Das ist nat\u00fcrlich schon eine f\u00fcnfstellige Summe. Wie hoch genau, wissen wir noch nicht. Das ist tats\u00e4chlich so. Wir haben nat\u00fcrlich unsere Budget-Ausgaben, die schon festgelegt sind. Aber z. B. ein Foodtruck oder etwas anderes \u2013 das ist separat, vielleicht fallen da noch zus\u00e4tzliche Geb\u00fchren an. Das k\u00f6nnen wir schlicht und einfach noch nicht sagen. Aber klar ist: Es handelt sich um einen f\u00fcnfstelligen Betrag. Und dann kann man sich nat\u00fcrlich auch fragen, ob man sich ein rotes T-Shirt und eine rote Jacke kaufen muss.<\/p>\n<p><strong>Paravan:<\/strong> Der Effekt war stark. Von dem her ist es wahrscheinlich eine wertvolle Investition. Ich komme zur\u00fcck zu dir, Marius. Du hast gesagt, dass ihr schon an anderen Events wart. Ich habe euch auch mit einem Stand in Frauenfeld gesehen. Wenn ihr euch jetzt an eure Eventbesuche erinnert \u2013 ob offiziell als Vertreter von \u00abGr\u00fcezi SCHwiiz\u00bb oder privat als Geocacher \u2013, was sind die sch\u00f6nen Erinnerungen, die euch motivieren f\u00fcr diese Events?<\/p>\n<p><strong>F\u00e4bu:<\/strong> Ich kann sagen: Wir waren in \u00d6sterreich an einem Mega-Event. Ich war alleine auf Tour, um ein paar Dosen zu suchen. Es kamen Leute aus Slowenien und Tschechien. \u00abAh, Gr\u00fcezi sCHwiiz!\u00bb Du bist irgendwo weit im Ausland. Es gibt Leute, die diesen Event schon kennen. Sie k\u00f6nnen kein Deutsch und nur knapp Englisch \u2013 aber sie kennen uns. Das ist ein riesiges Erlebnis, wenn man es schafft, dass man europaweit bekannt ist.<\/p>\n<p><strong>Paravan:<\/strong> Wenn du so ein rotes T-Shirt tr\u00e4gst und an einem Event bist \u2013 was nimmst du da mit, was ist f\u00fcr dich cool?<\/p>\n<p><strong>Adrian:<\/strong> Wir schauen uns die Events nat\u00fcrlich ganz anders an, seit wir selber etwas organisieren. Wir haben uns den Frauenfeld-Mega angeschaut: Welche St\u00e4nde gibt es? Wie haben sie das Restaurant organisiert, die Getr\u00e4nke? Welche Lab-Caches bieten sie an? Das haben wir uns genau angesehen. Wie lief die Organisation ab? Wo haben die Leute \u2013 die Kollegen, die cachen \u2013 gesagt, dass etwas nicht so gut war oder sie gest\u00f6rt hat? Solche Dinge nehmen wir jetzt ganz anders wahr.<\/p>\n<p><strong>Paravan:<\/strong> Aber ich bleibe hartn\u00e4ckig: Was m\u00f6chtet ihr, dass die Leute von eurem Event mitnehmen?<\/p>\n<p><strong>Adrian:<\/strong> Dass sie beim Hauptevent sagen: \u00abWow, das haben wir noch nie gesehen \u2013 das m\u00f6chten wir wieder einmal sehen.\u00bb Das w\u00e4re das Hauptziel, oder? Wenn ich an so einen Event gehe \u2013 ob Mega, Giga oder Blockparty \u2013 dann m\u00f6chte ich etwas erleben, das ich noch nie gesehen habe. Unser Ziel ist es, so etwas auf die Beine zu stellen. Wenn wir es schaffen, werden wir das von den Leuten h\u00f6ren, die kommen. Der \u00abWow-Effekt\u00bb ist das Ziel.<\/p>\n<p><strong>Claudia:<\/strong> Selbst wenn wir es nicht ganz schaffen, wenn wir den \u00abWow-Effekt\u00bb nicht erreichen \u2013 dann m\u00f6chten wir, dass die Leute nach Hause gehen und sagen: \u00abHey, ich fand es heute cool. Ich habe ganz tolle Leute getroffen \u2013 Menschen, die ich schon lange nicht mehr gesehen habe, aber auch neue Cacher-Gesichter. Ich konnte sch\u00f6n sitzen, Kuchen essen, gute Gespr\u00e4che f\u00fchren und eine sch\u00f6ne Zeit haben.\u00bb<\/p>\n<p><strong>Paravan:<\/strong> Ich bin sehr gespannt, was uns vom 4. bis 6. September 2026 erwartet. Ich bin gespannt auf die \u00dcberraschung, die da im Raum schwebt \u2013 etwas, das es in der Schweiz noch nie gegeben hat. Und ja, was gibt es noch zu sagen? Famous last words? Marius, hast du noch etwas?<\/p>\n<p><strong>Marius:<\/strong> Ja, ich schliesse mich dem an, was die anderen drei vorhin gesagt haben. F\u00fcr mich ist es eine grosse Ehre, dass wir das in meiner Heimatregion machen. Das grosse Ziel ist, dass die Leute die Region kennenlernen, eine sch\u00f6ne Zeit haben und auch etwas mitnehmen \u2013 etwas, das sie vorher noch nicht gesehen haben.<\/p>\n<p><strong>Paravan:<\/strong> Gut, dann lassen wir uns \u00fcberraschen. Viel Erfolg und danke f\u00fcr euren Einsatz.<br \/>\n<\/div><div class='rmwp-toggle-end'><\/div><\/p>\n<hr \/>\n<h2><a name=\"EN\"><\/a>English<\/h2>\n<p>The aim of the association is to organize (larger) events in Switzerland, create great caches, and bring interested parties together.<\/p>\n<p>To this end, the association maintains contacts with authorities, associations, and private individuals and has a public presence.<\/p>\n<p>Our project on the Swiss geocaching podcast by Paravan (#175), which is only available in Swiss German.<\/p>\n<p>We have transcribed the podcast; you can find this version here:<\/p>\n<p><strong>Paravan:<\/strong> So, for some time now, we&#8217;ve noticed people at geocaching events wearing red T-shirts or jackets with the &#8222;Gr\u00fcezi sCHwiiz&#8220; logo on them. But that&#8217;s not advertising for Switzerland Tourism; rather\u2014I suspected it\u2014it points to some event that&#8217;s supposed to take place sometime soon. Today, on a rainy evening, I&#8217;m sitting here in a caf\u00e9 with four of these people with these shirts. It&#8217;s raining, and I&#8217;m curious to find out what is behind &#8222;Gr\u00fcezi sCHwiiz&#8220; and the red T-shirts. Here at the table now are Claudia (Mrs. tenavat), fastoa junior Fabian, fastoa senior Adrian, and Jack Dalton, Marius.<\/p>\n<p>Marius, &#8222;Gr\u00fcezi&#8220; isn&#8217;t just on your T-shirts and jackets because you&#8217;re Swiss or because you&#8217;re advertising for Switzerland Tourism. What is behind it?<\/p>\n<span class=\"ellipsis\" id=\"ellipsis-435320572\">...<\/span><span class=\"rmwp-button-wrap\" id=\"rmwp-button-wrap-435320572\" style=\"display: none;\"><button name=\"read more\" type=\"button\" onclick=\"rmwpButtonAction( '435320572', 'Read More', 'Read Less' )\">Read More<\/button><\/span><div class=\"rmwp-toggle \" id=\"rmwp-toggle-435320572\" style=\"display: none\">\n<p><strong>Marius:<\/strong> That\u2019s a funny story. Whenever people noticed that we are Swiss at larger events abroad, people said &#8222;Gr\u00fcezi.&#8220; When we decided to do a project together and were looking for a name, this came back to us and we decided that &#8222;Gr\u00fcezi sCHwiiz&#8220; is the right name for our major event.<\/p>\n<p><strong>Paravan:<\/strong> Well, you&#8217;ve already revealed it: You&#8217;re planning a major event, and you can already mark the date in your calendar. When will it take place and in which region?<\/p>\n<p><strong>Marius:<\/strong> It will take place from September 4th to 6th, 2026, a year from now, in the Aarau region.<\/p>\n<p><strong>Paravan:<\/strong> Okay, so the event is called Gr\u00fcezi sCHwiiz, and you&#8217;re part of the organizing committee. But you&#8217;re only four of several people. How are you organized? Who is behind this idea?<\/p>\n<p><strong>Adrian:<\/strong> We first founded an association called &#8222;Geocaching Northwestern Switzerland&#8220; so that we could organize this event in the first place. We currently have eight people on the organizing committee: Jack Dalton, Fabian \u2013 so-called fastoa junior \u2013, Claudia (Mrs. tenavat) and Philipp (Mr. tenavat), as well as Meini (Meinisu), Stefan (Chose80), Holger), Holger (3Mosqueteiros), and me, Adrian (fastoa senior).<\/p>\n<p><strong>Paravan:<\/strong> Yes, it&#8217;s always good to have a club \u2013 that&#8217;s typically Swiss. But what prompted you to found a club to hold a geocaching event?<\/p>\n<p><strong>Adrian:<\/strong> The motivation behind it is this: Most of the members of the GCNordwestschweiz club, as the club is correctly called, go caching every now and then on a Thursday. While we were walking, someone suggested that we could actually do something bigger. We&#8217;d been toying with the idea of \u200b\u200bsomething like this for a long time. I don&#8217;t remember who it was, but someone said, &#8222;Come on, let&#8217;s organize a big event.&#8220;<\/p>\n<p><strong>Paravan:<\/strong> When was that? When did you start?<\/p>\n<p><strong>Adrian:<\/strong> Two years ago.<\/p>\n<p><strong>Paravan:<\/strong> So 2023 \u2013 three years lead time for such a large event. Now, Marius, you said you&#8217;ve been to events abroad and heard the &#8222;Gr\u00fcezi,&#8220; which is now your motto. As a Swiss person, can I also come to the event, or are foreign cachers your target audience?<\/p>\n<p><strong>Marius:<\/strong> No, it&#8217;s all the more important that people from Switzerland participate. We need them \u2013 as helpers, but also as an attendees. I think we can&#8217;t do it without the people from here. But we&#8217;ve also met many abroad and are happy when they come so we can show them Switzerland and this region.<\/p>\n<p><strong>Paravan:<\/strong> Speaking of participants \u2013 we&#8217;re sitting here in a caf\u00e9 with relatively few people. That would make for a nice, cozy geocaching event. But I think you&#8217;re thinking a little bigger. In what dimensions are you thinking?<\/p>\n<p><strong>Claudia:<\/strong> Well, I think we can say: We&#8217;re in Aarau, as Marius already mentioned, and we&#8217;re in the riding arena. And you&#8217;re right \u2013 there&#8217;s much more space there than in this lovely caf\u00e9. I think a few hundred people would be nice if they came. But we don&#8217;t want to be too big \u2013 that&#8217;s typical of Switzerland, after all. We&#8217;re thinking in normal dimensions; four-digit numbers would slowly push us to our limits. Of course, we want it to be well attended, because there&#8217;s nothing worse than an event where no one shows up.<\/p>\n<p><strong>Paravan:<\/strong> Experience shows that geocaching events are popular \u2013 geocachers are sociable people. We just visited the riding hall. Horses can gallop there, and it&#8217;s big enough for lots of people to come. In the geocaching event business, there are magic numbers, like 300 or 1,000. Now we&#8217;re excited to see what dimensions you&#8217;ll reach. Experience has shown that the last major events \u2013 there have never been that many in Switzerland before \u2013 were able to reach such numbers, with participants from Switzerland and abroad.<\/p>\n<p>Now I&#8217;ll ask provocatively: What will be the same as, for example, an event in Frauenfeld, and what might be different?<\/p>\n<p><strong>Adrian:<\/strong> You could say what will stay the same is the event with food and drinks. The rest are a few surprises that we have in store. We&#8217;ve found another cacher who will create some great lab stations in the hall for us, which are very special. We&#8217;ve already seen four stations, and they have really taken us by surprise and put a smile on our face; we&#8217;ve probably never seen anything like it before. We&#8217;ve also planned something else, which will be taking place in Switzerland for the first time. But we&#8217;re not saying much about that yet.<\/p>\n<p><strong>Paravan:<\/strong> So, you don&#8217;t want to give anything away, but I&#8217;ll say: It exists, it&#8217;s happened in other countries. But it hasn&#8217;t happened in Switzerland yet?<\/p>\n<p><strong>Adrian:<\/strong> Exactly.<\/p>\n<p><strong>Paravan:<\/strong> Then we&#8217;ll see. You could hold a lottery to see who guesses the surprise\u2014just as a suggestion for you. In the preliminary discussion, you mentioned that you also work with other organizations. What can you tell us about that?<\/p>\n<p><strong>Marius:<\/strong> It&#8217;s about various things. I&#8217;m in the Scouts, and we have connections there. We&#8217;re working with the youth clubs in the city of Aarau so that they support us and also get something in return. We also have various local businesses and providers that we&#8217;re reaching out to. These are institutions, clubs, and companies with which we have connections in. We&#8217;re looking into whether we can also consider the brewery I own shares in. People can then drink an Aarau beer, as we experienced in Belgium.<\/p>\n<p><strong>Paravan:<\/strong> Or a cacher beer\u2014who knows.<\/p>\n<p><strong>Marius:<\/strong> Maybe we&#8217;ll still manage that\u2014who knows.<\/p>\n<p><strong>Paravan:<\/strong> I may have misunderstood that, but at some point I noticed the phrase &#8222;Aarau Location Promotion.&#8220; Can you say anything more about that?<\/p>\n<p><strong>Marius:<\/strong> Yes, that was one of the first things we did. We said we might want to do something in the Aarau region. Naturally, we approached the Aarau Location Promotion Agency. And they showed great interest. They have various thematic areas, and they&#8217;ve recently wanted to strongly promote nature and the environment. Our event was met with open arms. They can also benefit from that. They have connections to the media, to people they know, and we can benefit from their network.<\/p>\n<p><strong>Paravan:<\/strong> The event lasts three days, from Friday, September 4th to Sunday, September 6th, 2026, here in Aarau. If I travel here and feel like I want to do something other than geocaching\u2014what else is worth coming to Aarau for? Or maybe extending the weekend, before or after?<\/p>\n<p><strong>Marius:<\/strong> Well, the absolute insider tip \u2013 but it&#8217;s really not that easy to discover, we&#8217;re still working on it \u2013 is of course the Meyer Stollen, the underground tunnel system in Aarau. I also have a virtual cache at its entrance. It&#8217;s something almost nobody knows about, not even people who live here. And of course, we have other great things to offer: We have a local recreation area on the Aare River where you can go for a walk. We have the Eppenberg nearby, where you can climb, and there&#8217;s a zoo next door. I think the region has a lot to offer. You won&#8217;t get bored there.<\/p>\n<p><strong>Paravan:<\/strong> The Meyer Stollen \u2013 that&#8217;s a tip for anyone who&#8217;s already starting to plan. Maybe you can already arrange a date. It&#8217;s really an insider tip. I was able to take part in an event organized by geocachers. These are tunnels that were dug sometime in the 19th century, where a watercourse or something similar runs under the city. I don&#8217;t think we&#8217;ve discovered everything yet. At some point, we stumbled upon these tunnels again. Part of it is only accessible to a limited extent. So, an insider tip for anyone already planning their trip to Aarau \u2013 it&#8217;s reallyworth it.<\/p>\n<p>If you&#8217;re planning to attend an event and don&#8217;t just want to spend a few hours, you might want to stay overnight. Can you roll out your sleeping bag in the hall? What are your plans?<\/p>\n<p><strong>Adrian:<\/strong> The location development agency has also been accommodating here. They can reserve hotels in the region until up to two weeks in advance. If there are still available hotel rooms, you can book one up to two weeks before the event starts.<\/p>\n<p><strong>Paravan:<\/strong> The sleeping bag in the hall was just an idea of \u200b\u200bmine. It&#8217;s not fixed. Now I&#8217;d like to reserve my appointment in the agenda. What&#8217;s next?<\/p>\n<p><strong>Claudia:<\/strong> Geocaching.com HQ has strict regulations. We have a CCE event in Auenstein. It takes place a year before. You&#8217;re welcome to come along. There will be something to drink, you can have a barbecue, and there&#8217;ll also be a delicious dessert. Our good friend Chose80, who also co-organizes the big event, has prepared a nice surprise \u2013 a highlight. Something will actually happen there during the event, where you&#8217;ll also get more information. At the same time, we all have to be aware that the eight of us can&#8217;t handle it alone. We&#8217;re really happy if people come to the barbecue. There will also be a volunteer list there, which we&#8217;d like to slowly fill up. You&#8217;ll definitely find out more on that date, September 6th in Auenstein, at that event.<\/p>\n<p><strong>Paravan:<\/strong> I&#8217;ll link it on my podcast page. September 6th, 2025 \u2013 shortly after this interview is published \u2013 you can attend that event, where more information will be available. And from then on, even if I&#8217;m not at the event, there will be information online, in the listing, or wherever.<\/p>\n<p>There are only eight of you. You mentioned it: You need helpers.<\/p>\n<p><strong>F\u00e4bu:<\/strong> Exactly, there will be an online form at the event. So we have everything digitally that everyone can fill out. We&#8217;ll announce it on the usual channels so that everyone who&#8217;s interested can see it. We&#8217;re gathering preliminary information \u2013 not for the exact shift yet, but we&#8217;re looking for interested parties.<\/p>\n<p><strong>Paravan:<\/strong> But there&#8217;s certainly work to be done \u2013 numerous helpers are needed because geocaching depends on volunteers. You&#8217;ve been planning for a while. The starting signal was given two years ago, and now there&#8217;s probably more speed. What are the biggest challenges when planning an event like this? Where did you say it would have been easier, and where did you think it would be more challenging?<\/p>\n<p><strong>Marius:<\/strong> I think there are always challenges where you think, &#8222;Yes, we&#8217;ve actually already sorted that out.&#8220; And then you realize that there are other things you have to take into consideration. For example, we knew that the city had certain requirements. We prepared for that. Then we found out that, for example, something else was happening in the city on the same weekend. These are always things that you initially think are quite simple. Then, when you start with the first few inquiries or with the organization, there&#8217;s still another hurdle. So far, we&#8217;ve basically cleared every obstacle that&#8217;s been put in our way. And we hope it continues that way.<\/p>\n<p><strong>Paravan:<\/strong> Why did you found an association? You could have just said: &#8222;Come on, let&#8217;s get together here and organize an event.&#8220; Why an association with a board, bylaws, postal account, and everything that goes with it?<\/p>\n<p><strong>Adrian:<\/strong> We have to be honest: We don&#8217;t know how it will all work out financially. The hall costs. We wanted to more or less ensure that the club would be held accountable in the end and not us privately. That&#8217;s actually the only reason. We have a very good colleague \u2013 Philipp, Claudia&#8217;s husband \u2013 who&#8217;s a lawyer. He gave us excellent advice and also supported us greatly with the contract for renting the hall and other issues. That&#8217;s invaluable to us. We&#8217;re not the kind of people who have organized hundreds of such large events.<\/p>\n<p><strong>Claudia:<\/strong> A challenge we also noticed is: What are our strengths and weaknesses? We know each other well, but we know each other from caching. We don&#8217;t know each other when it comes to financial matters. We don&#8217;t know each other when it comes to making arrangements, reliability, technical skills, etc. Of course, we assigned responsibilities at first. But there were departments that no one felt responsible for. Everyone just has to do their best. And sometimes there are things on which we don&#8217;t necessarily agree. Ultimately, you have to push through that.<\/p>\n<p><strong>Paravan:<\/strong> Do you recommend founding an association for someone planning a larger event?<\/p>\n<p><strong>Claudia:<\/strong> Absolutely. And then it&#8217;s really worth it \u2013 as I said, we were lucky that Philipp, my husband, is an expert. But it&#8217;s also worth spending a few bucks to have someone who knows what they&#8217;re doing look through everything. Because what you sign is what you sign, and then there&#8217;s no going back.<\/p>\n<p><strong>Paravan:<\/strong> There&#8217;s the question: What budget are we talking about? To get a sense \u2013 a hall like that probably doesn&#8217;t cost just two francs per participant. Would you like to share something about the budget?<\/p>\n<p><strong>Claudia:<\/strong> It&#8217;s obviously a five-figure sum. We don&#8217;t know exactly how much yet. We have our budgeted expenses, of course, which are already fixed. But, for example, a food truck or something else \u2013 that&#8217;s separate, and there might be additional fees. We simply can&#8217;t say yet. But one thing is clear: It&#8217;s a five-figure sum. And then, of course, you can also ask yourself whether you really need to buy a red T-shirt and a red jacket.<\/p>\n<p><strong>Paravan:<\/strong> The effect was strong. So it&#8217;s probably a worthwhile investment. I&#8217;ll come back to you, Marius. You said you&#8217;ve been to other events before. I also saw you with a stall in Frauenfeld. When you think back to your event visits\u2014whether officially as representatives of &#8222;Gr\u00fcezi SCHwiiz&#8220; or privately as geocachers\u2014what are the fond memories that motivate you to attend these events?<\/p>\n<p><strong>F\u00e4bu:<\/strong> I can say: We were in Austria at a mega-event. I was out on my own to look for some caches. People came from Slovenia and the Czech Republic. &#8222;Ah, Gr\u00fcezi sCHwiiz!&#8220; You&#8217;re somewhere far abroad. There are people who already know about this event. They don&#8217;t speak German and barely speak English\u2014but they know us. It&#8217;s a huge experience when you manage to become known across Europe.<\/p>\n<p><strong>Paravan:<\/strong> When you wear a red T-shirt and attend an event \u2013 \u200b\u200bwhat do you take with you, what do you consider cool?<\/p>\n<p><strong>Adrian:<\/strong> We&#8217;ve obviously looked at events very differently since we started organizing things ourselves. We looked at the Frauenfeld Mega: What stalls were there? How did they organize the food and drinks? Which lab caches did they offer? We looked at that in detail. How was the organization planned? Where did people \u2013 the friends who were caching \u2013 say that something wasn&#8217;t so good or bothered them? We perceive such things very differently now.<\/p>\n<p><strong>Paravan:<\/strong> I have to insist: What do you want people to take away from your event?<\/p>\n<p><strong>Adrian:<\/strong> That they say at the main event: &#8222;Wow, we&#8217;ve never seen that before \u2013 we want to see it again.&#8220; That would be the main goal, right? When I go to an event like that \u2013 whether it&#8217;s a mega, giga, or block party \u2013 I want to experience something I&#8217;ve never seen before. Our goal is to put something like that together. If we succeed, we&#8217;ll hear about it from the people who come. The &#8222;wow effect&#8220; is the goal.<\/p>\n<p><strong>Claudia:<\/strong> Even if we don&#8217;t quite make it, if we don&#8217;t achieve the &#8222;wow&#8220; factor, we want people to go home and say, &#8222;Hey, I thought it was cool today. I met really great people \u2013 people I haven&#8217;t seen in a long time, but also new caching faces. I was able to sit back, eat cake, have good conversations, and have a great time.&#8220;<\/p>\n<p><strong>Paravan:<\/strong> I&#8217;m very excited about what awaits us from September 4th to 6th, 2026. I&#8217;m curious about the surprise that&#8217;s hanging in the air \u2013 something that&#8217;s never happened in Switzerland before. And yes, what else is there to say? Famous last words? Marius, do you have anything else?<\/p>\n<p><strong>Marius:<\/strong> Yes, I agree with what the other three said earlier. For me, it&#8217;s a great honour that we&#8217;re doing this in my home region. The big goal is for people to get to know the region, have a great time, and take something away with them \u2013 something they haven&#8217;t seen before.<\/p>\n<p><strong>Paravan:<\/strong> Well, then we&#8217;ll wait and see. Good luck, and thank you for your efforts.<\/div><div class='rmwp-toggle-end'><\/div><\/p>\n<hr \/>\n<h2><a name=\"FR\"><\/a>Fran\u00e7ais<\/h2>\n<p>L&#8217;objectif de l&#8217;association est d&#8217;organiser des \u00e9v\u00e9nements (de grande envergure) en Suisse, de cr\u00e9er de superbes bo\u00eetes et de rassembler les personnes int\u00e9ress\u00e9es.<\/p>\n<p>\u00c0 cette fin, l&#8217;association entretient des contacts avec les autorit\u00e9s, les associations et les particuliers et est pr\u00e9sente dans le domaine public.<\/p>\n<p>Notre projet dans le podcast suisse sur le g\u00e9ocaching de Paravan (#175), qui n&#8217;est toutefois disponible qu&#8217;en suisse allemand.<\/p>\n<p>Nous avons transcrit le podcast, tu trouveras cette version ici :<\/p>\n<p><strong>Paravan :<\/strong> Oui, depuis quelque temps, on remarque des gens lors d\u2019\u00e9v\u00e9nements de g\u00e9ocaching portant des t-shirts ou des vestes rouges avec le logo \u00ab Gr\u00fcezi sCHwiiz \u00bb. Mais ce n\u2019est pas de la publicit\u00e9 pour Suisse Tourisme ; je m\u2019en doutais plut\u00f4t, cela fait r\u00e9f\u00e9rence \u00e0 un \u00e9v\u00e9nement qui doit avoir lieu prochainement. Aujourd\u2019hui, par une soir\u00e9e pluvieuse, je suis assis dans un caf\u00e9 avec quatre de ces personnes. Il pleut, et je suis curieux de d\u00e9couvrir ce qui se cache derri\u00e8re \u00ab Gr\u00fcezi sCHwiiz \u00bb et les t-shirts rouges. Sont \u00e0 cette table Claudia (Mme Tenavat), Fabian (fastoa junior), Adrian (fastoa senior) et Jack Dalton, Marius.<br \/>\nMarius, \u00ab Gr\u00fcezi \u00bb n\u2019est pas seulement sur tes t-shirts et vestes parce que tu es Suisse ou parce que tu fais de la publicit\u00e9 pour Suisse Tourisme. Qu\u2019est-ce qui se cache derri\u00e8re ?<br \/>\n<span class=\"ellipsis\" id=\"ellipsis-660827607\">...<\/span><span class=\"rmwp-button-wrap\" id=\"rmwp-button-wrap-660827607\" style=\"display: none;\"><button name=\"read more\" type=\"button\" onclick=\"rmwpButtonAction( '660827607', 'Read More', 'Read Less' )\">Read More<\/button><\/span><div class=\"rmwp-toggle \" id=\"rmwp-toggle-660827607\" style=\"display: none\"><\/p>\n<p><strong>Marius :<\/strong> Il y a une anecdote amusante derri\u00e8re tout \u00e7a. Parce que d\u00e8s que les gens ont remarqu\u00e9 que nous \u00e9tions Suisses lors de grands \u00e9v\u00e9nements \u00e0 l&#8217;\u00e9tranger, ils disaient \u00ab Gr\u00fcezi \u00bb. Quand nous avons d\u00e9cid\u00e9 de monter un projet ensemble et que nous cherchions un nom, cette id\u00e9e nous est revenue. Nous nous sommes dit : \u00ab Gr\u00fcezi sCHwiiz \u00bb serait la devise de notre grand \u00e9v\u00e9nement.<\/p>\n<p><strong>Paravan :<\/strong> Eh bien, vous l&#8217;avez d\u00e9j\u00e0 r\u00e9v\u00e9l\u00e9 : vous planifiez un grand \u00e9v\u00e9nement et vous pouvez d\u00e9j\u00e0 noter la date dans votre calendrier. Quand aura-t-il lieu et dans quelle r\u00e9gion ?<\/p>\n<p><strong>Marius :<\/strong> Il aura lieu du 4 au 6 septembre 2026, dans un an, dans la r\u00e9gion d&#8217;Aarau.<\/p>\n<p><strong>Paravan :<\/strong> D&#8217;accord, l&#8217;\u00e9v\u00e9nement s&#8217;appelle Gr\u00fcezi sCHwiiz, et vous faites partie du comit\u00e9 d&#8217;organisation. Mais vous n&#8217;\u00eates que quatre personnes parmi tant d&#8217;autres. Comment \u00eates-vous organis\u00e9s ? Qui est \u00e0 l&#8217;origine de cette id\u00e9e ?<\/p>\n<p><strong>Adrian :<\/strong> Nous avons d&#8217;abord fond\u00e9 une association appel\u00e9e \u00ab G\u00e9ocaching Suisse du Nord-Ouest \u00bb pour pouvoir organiser cet \u00e9v\u00e9nement. Le comit\u00e9 d&#8217;organisation est actuellement compos\u00e9 de huit personnes : Jack Dalton (Marius), Fabian \u2013 surnomm\u00e9 fastoa junior \u2013, Claudia (Mme Tenavat) et Philipp (M. Tenavat), ainsi que Meinisu (Meini), Chose80 (Stefan), 3Mosqueteiros (Holger), et moi (fastoa senior; Adrian).<\/p>\n<p><strong>Paravan :<\/strong> Oui, c&#8217;est toujours bien d&#8217;avoir un club \u2013 c&#8217;est typiquement suisse. Mais qu&#8217;est-ce qui vous a pouss\u00e9 \u00e0 fonder un club pour organiser un \u00e9v\u00e9nement de g\u00e9ocaching ?<\/p>\n<p><strong>Adrian<\/strong> : La motivation derri\u00e8re tout \u00e7a est la suivante : la plupart des membres du club GCNordwestschweiz, comme on l&#8217;appelle, vont faire du g\u00e9ocaching ensemble de temps en temps le jeudi. Pendant que nous marchions, quelqu&#8217;un a sugg\u00e9r\u00e9 que nous pourrions faire quelque chose de plus grand. Nous avions cette id\u00e9e en t\u00eate depuis longtemps. Je ne me souviens plus qui c&#8217;\u00e9tait, mais quelqu&#8217;un a dit : \u00ab Allez, organisons un grand \u00e9v\u00e9nement.\u00bb<\/p>\n<p><strong>Paravan :<\/strong> C&#8217;\u00e9tait quand ? Quand avez vous commenc\u00e9 ?<\/p>\n<p><strong>Adrian :<\/strong> Il y a deux ans.<\/p>\n<p><strong>Paravan :<\/strong> Donc, 2023 \u2013 trois ans pour un \u00e9v\u00e9nement d\u2019une telle envergure. Marius, tu as dit avoir particip\u00e9 \u00e0 des \u00e9v\u00e9nements \u00e0 l\u2019\u00e9tranger et entendu le \u00ab Gr\u00fcezi \u00bb, qui est d\u00e9sormais ta devise. En tant que Suisse, ai-je le droit de venir \u00e0 l\u2019\u00e9v\u00e9nement, ou les g\u00e9ocacheurs \u00e9trangers sont-ils principalement ton public cible ?<\/p>\n<p><strong>Marius :<\/strong> Non, la participation des Suisses est d\u2019autant plus importante. Nous avons besoin d\u2019eux, comme aide, mais aussi comme public. Je pense que nous ne pouvons pas y arriver sans les gens d\u2019ici. Mais nous avons aussi rencontr\u00e9 beaucoup de gens \u00e0 l\u2019\u00e9tranger et nous sommes ravis de les voir venir pour leur faire d\u00e9couvrir la Suisse et cette r\u00e9gion.<\/p>\n<p><strong>Paravan :<\/strong> En parlant de participants, nous sommes assis ici dans un caf\u00e9 avec relativement peu de monde. Cela ferait un \u00e9v\u00e9nement de g\u00e9ocaching agr\u00e9able et convivial. Mais je pense que tu vois les choses en plus grand. \u00c0 quelle \u00e9chelle penses-tu ?<\/p>\n<p><strong>Claudia :<\/strong> Eh bien, je pense qu\u2019on peut dire : nous sommes \u00e0 Aarau, comme Marius l\u2019a d\u00e9j\u00e0 mentionn\u00e9, et nous sommes dans le man\u00e8ge. Et tu as raison, il y a bien plus d&#8217;espace l\u00e0-bas que dans ce charmant caf\u00e9. Je pense que quelques centaines de personnes seraient bienvenues. Mais nous ne voulons pas non plus \u00eatre trop grands \u2013 c&#8217;est typiquement suisse. Nous pensons en termes de taille normale ; un nombre \u00e0 quatre chiffres nous pousserait lentement \u00e0 bout. Bien s\u00fbr, nous voulons une bonne fr\u00e9quentation, car il n&#8217;y a rien de pire qu&#8217;une f\u00eate sans public.<\/p>\n<p><strong>Paravan :<\/strong> L&#8217;exp\u00e9rience montre que les \u00e9v\u00e9nements de g\u00e9ocaching sont populaires ; les g\u00e9ocacheurs sont des gens sociables. Nous venons de visiter le man\u00e8ge. Les chevaux peuvent y galoper, et c&#8217;est assez grand pour accueillir beaucoup de monde. Dans le monde du g\u00e9ocaching, il existe des chiffres magiques, comme 300 ou 1 000. Nous avons h\u00e2te de voir quelles dimensions vous atteindrez. L&#8217;exp\u00e9rience a montr\u00e9 que les derniers \u00e9v\u00e9nements de grande envergure \u2013 il n&#8217;y en a jamais eu autant en Suisse auparavant \u2013 ont pu atteindre de tels chiffres, avec des participants suisses et internationaux.<\/p>\n<p>Maintenant, je vais poser une question provocatrice : qu\u2019est-ce qui sera identique \u00e0, disons, un \u00e9v\u00e9nement \u00e0 Frauenfeld, et qu\u2019est-ce qui pourrait \u00eatre diff\u00e9rent ?<\/p>\n<p><strong>Adrian :<\/strong> On pourrait dire que ce qui restera inchang\u00e9, c\u2019est l\u2019\u00e9v\u00e9nement avec nourriture et boissons. Le reste, ce sont quelques surprises que nous r\u00e9servons. Nous avons trouv\u00e9 un autre cacheur qui va cr\u00e9er de superbes stations de laboratoire dans le hall, qui sont tr\u00e8s sp\u00e9ciales. Nous avons d\u00e9j\u00e0 vu quatre stations, et elles nous ont vraiment surpris ; nous n\u2019avions probablement jamais rien vu de tel auparavant. Nous avons \u00e9galement pr\u00e9vu quelque chose d\u2019autre qui aura lieu en Suisse pour la premi\u00e8re fois. Mais nous n\u2019en disons pas beaucoup plus pour l\u2019instant.<\/p>\n<p><strong>Paravan :<\/strong> Donc, vous ne voulez rien d\u00e9voiler, mais je dirai : \u00e7a existe, c\u2019est d\u00e9j\u00e0 arriv\u00e9 dans d\u2019autres pays. Mais \u00e7a n\u2019a pas encore eu lieu en Suisse ?<\/p>\n<p><strong>Adrian :<\/strong> Oui<\/p>\n<p><strong>Paravan :<\/strong> Alors, laissons-nous surprendre. Vous pouvez rassembler des informations et y r\u00e9fl\u00e9chir. Vous pourriez m\u00eame organiser un tirage au sort pour voir qui devinera la surprise \u2013 une simple suggestion. Lors de la discussion pr\u00e9liminaire, vous avez mentionn\u00e9 que vous travaillez \u00e9galement avec d\u2019autres organisations. Que pouvez-vous nous dire \u00e0 ce sujet ?<\/p>\n<p><strong>Marius :<\/strong> Il y a plusieurs choses \u00e0 voir. Je suis scout et nous avons des contacts l\u00e0-bas. Nous essayons de travailler avec les clubs de jeunes de la ville d\u2019Aarau pour qu\u2019ils nous soutiennent et re\u00e7oivent quelque chose en retour. Nous avons \u00e9galement des contacts avec diverses entreprises et prestataires locaux. Il s\u2019agit d\u2019institutions, de clubs et d\u2019entreprises. Nous envisageons de prendre en compte la brasserie dans laquelle je d\u00e9tiens des parts. Les gens \u2013 comme nous l\u2019avons v\u00e9cu en Belgique \u2013 pourront alors boire une bi\u00e8re d\u2019Aarau.<\/p>\n<p><strong>Paravan :<\/strong> Ou une bi\u00e8re de cachette \u2013 qui sait ?<\/p>\n<p><strong>Marius :<\/strong> Peut-\u00eatre que nous y parviendrons \u2013 qui sait ?<\/p>\n<p><strong>Paravan :<\/strong> J\u2019ai peut-\u00eatre mal compris, mais j\u2019ai remarqu\u00e9 l\u2019expression \u00ab Standortf\u00f6rderung Aarau \u00bb (promotion de la r\u00e9gion d\u2019Aarau). Pouvez-vous nous en dire plus ?<\/p>\n<p><strong>Marius :<\/strong> Oui, c\u2019\u00e9tait l\u2019une des premi\u00e8res choses que nous avons faites. Nous avons \u00e9voqu\u00e9 notre intention d\u2019agir dans la r\u00e9gion d\u2019Aarau. Naturellement, nous avons contact\u00e9 l\u2019Agence de d\u00e9veloppement \u00e9conomique d\u2019Aarau. Ils ont manifest\u00e9 un vif int\u00e9r\u00eat. Ils proposent diff\u00e9rents axes th\u00e9matiques et, r\u00e9cemment, ils ont souhait\u00e9 promouvoir activement la nature et l\u2019environnement. Notre \u00e9v\u00e9nement a \u00e9t\u00e9 accueilli \u00e0 bras ouverts. Ils peuvent \u00e9galement en b\u00e9n\u00e9ficier. Ils ont des contacts avec les m\u00e9dias, des connaissances et peuvent b\u00e9n\u00e9ficier de leur r\u00e9seau.<\/p>\n<p><strong>Paravan :<\/strong> L\u2019\u00e9v\u00e9nement dure trois jours, du vendredi 4 septembre au dimanche 6 septembre 2026, ici \u00e0 Aarau. Si je viens ici et que j\u2019ai envie de faire autre chose que du g\u00e9ocaching, pourquoi venir \u00e0 Aarau ? Ou peut-\u00eatre prolonger le week-end, avant ou apr\u00e8s ?<\/p>\n<p><strong>Marius :<\/strong> Eh bien, le tuyau d&#8217;initi\u00e9 absolu \u2013 mais ce n&#8217;est pas si facile \u00e0 trouver, on y travaille encore \u2013 c&#8217;est bien s\u00fbr le Meyer Stollen, le r\u00e9seau de tunnels souterrains d&#8217;Aarau. J&#8217;ai aussi une cache virtuelle pour \u00e7a. C&#8217;est quelque chose que presque personne ne conna\u00eet, m\u00eame pas les habitants d&#8217;Aarau. Et bien s\u00fbr, nous avons aussi d&#8217;autres choses int\u00e9ressantes \u00e0 offrir : nous avons une zone de loisirs locale au bord de l&#8217;Aar o\u00f9 l&#8217;on peut se promener. Il y a l&#8217;Eppenberg tout pr\u00e8s, o\u00f9 l&#8217;on peut faire de l&#8217;escalade, et il y a un zoo juste \u00e0 c\u00f4t\u00e9. Je pense que la r\u00e9gion a beaucoup \u00e0 offrir. On ne s&#8217;y ennuie jamais.<\/p>\n<p><strong>Paravan :<\/strong> Les tunnels Meyer \u2013 un conseil pour ceux qui planifient d\u00e9j\u00e0 leur visite. Vous pouvez peut-\u00eatre d\u00e9j\u00e0 fixer un rendez-vous. C\u2019est un v\u00e9ritable secret d\u2019initi\u00e9. J\u2019ai pu participer \u00e0 un \u00e9v\u00e9nement organis\u00e9 par des g\u00e9ocacheurs. Ils sont entr\u00e9s dans une maison quelque part. Ce sont des tunnels creus\u00e9s au XIXe si\u00e8cle, l\u00e0 o\u00f9 un cours d\u2019eau ou quelque chose de similaire coule sous la ville. Je ne pense pas que tout ait encore \u00e9t\u00e9 d\u00e9couvert. Un jour, ils red\u00e9couvriront ces tunnels. Une partie n\u2019est accessible que de mani\u00e8re limit\u00e9e. Un conseil d\u2019initi\u00e9 pour ceux qui planifient d\u00e9j\u00e0 leur voyage \u00e0 Aarau : \u00e7a vaut d\u00e9j\u00e0 le coup.<br \/>\nSi vous pr\u00e9voyez d\u2019assister \u00e0 un \u00e9v\u00e9nement et que vous ne souhaitez pas y passer que quelques heures, vous pouvez peut-\u00eatre y passer la nuit. Pouvez-vous d\u00e9rouler votre sac de couchage dans le hall ? Qu\u2019avez-vous pr\u00e9vu ?<\/p>\n<p><strong>Adrian :<\/strong> L\u2019agence de d\u00e9veloppement r\u00e9gional nous a \u00e9galement h\u00e9berg\u00e9s ici. Ils peuvent r\u00e9server des h\u00f4tels dans la r\u00e9gion jusqu\u2019\u00e0 deux semaines \u00e0 l\u2019avance. Vous pouvez r\u00e9server jusqu&#8217;\u00e0 deux semaines avant l&#8217;\u00e9v\u00e9nement, s&#8217;il reste des chambres d&#8217;h\u00f4tel.<\/p>\n<p><strong>Paravan :<\/strong> L&#8217;id\u00e9e du sac de couchage dans le hall n&#8217;\u00e9tait qu&#8217;une id\u00e9e de moi. Ce n&#8217;est pas encore d\u00e9finitif. J&#8217;aimerais maintenant r\u00e9server mon rendez-vous dans l&#8217;agenda. Quelle est la suite, selon vous ?<\/p>\n<p><strong>Claudia :<\/strong> Le si\u00e8ge de Geocaching.com a un r\u00e8glement strict. Nous organisons un \u00e9v\u00e9nement CCE \u00e0 Auenstein, un an avant l&#8217;\u00e9v\u00e9nement. Vous \u00eates les bienvenus. Il y aura de quoi boire, un barbecue et un d\u00e9licieux dessert. Notre coll\u00e8gue Chose80, \u00e9galement co-organisateur de l&#8217;\u00e9v\u00e9nement, a pr\u00e9par\u00e9 une pause sympa \u2013 un moment fort. Il y aura un \u00e9v\u00e9nement pendant l&#8217;\u00e9v\u00e9nement, o\u00f9 vous pourrez \u00e9galement obtenir plus d&#8217;informations. Cependant, nous devons tous \u00eatre conscients que nous ne pouvons pas g\u00e9rer tout cela seuls. Nous serions ravis que des gens viennent au barbecue. Il y aura \u00e9galement une liste de b\u00e9n\u00e9voles, que nous aimerions compl\u00e9ter petit \u00e0 petit. Vous en saurez certainement plus \u00e0 cette date, le 6 septembre \u00e0 Auenstein, lors de cet \u00e9v\u00e9nement.<\/p>\n<p><strong>Paravan :<\/strong> Je mettrai le lien sur ma page podcast. Le 6 septembre 2025, peu apr\u00e8s la publication de cette interview, vous pourrez assister \u00e0 l&#8217;\u00e9v\u00e9nement, o\u00f9 plus d&#8217;informations seront disponibles. Et \u00e0 partir de ce moment-l\u00e0, m\u00eame si je ne suis pas pr\u00e9sent, des informations seront disponibles en ligne, dans le listing, ou ailleurs.<br \/>\nVous n&#8217;\u00eates que huit. Vous l&#8217;avez mentionn\u00e9 : vous avez besoin d&#8217;aide.<\/p>\n<p><strong>F\u00e4bu :<\/strong> Exactement. Il y aura un formulaire en ligne lors de l\u2019\u00e9v\u00e9nement. Nous avons donc tout le n\u00e9cessaire num\u00e9riquement, que tout le monde peut remplir. Nous l\u2019annoncerons sur les canaux habituels afin que toutes les personnes int\u00e9ress\u00e9es puissent le consulter. Nous collectons actuellement des informations pr\u00e9liminaires \u2013 pas encore pour la date exacte, mais nous recherchons des personnes int\u00e9ress\u00e9es.<\/p>\n<p><strong>Paravan :<\/strong> Mais il y a certainement du travail \u00e0 faire ; nous avons besoin de beaucoup de b\u00e9n\u00e9voles, car le g\u00e9ocaching repose sur le b\u00e9n\u00e9volat. Vous planifiez depuis un certain temps. Le coup d\u2019envoi a \u00e9t\u00e9 donn\u00e9 il y a deux ans, et maintenant, les choses vont probablement plus vite. Quels sont les plus grands d\u00e9fis lors de la planification d\u2019un \u00e9v\u00e9nement comme celui-ci ? O\u00f9 avez-vous dit que ce serait plus facile, et o\u00f9 pensiez-vous que ce serait plus difficile ?<\/p>\n<p><strong>Marius :<\/strong> Je pense qu\u2019il y a toujours des d\u00e9fis o\u00f9 l\u2019on se dit : \u00ab Oui, nous avons d\u00e9j\u00e0 r\u00e9gl\u00e9 ce probl\u00e8me.\u00bb Et puis on r\u00e9alise qu\u2019il y a d\u2019autres choses \u00e0 prendre en compte. Par exemple, nous savions que la ville avait certaines exigences. Nous nous y sommes pr\u00e9par\u00e9s. Par la suite, nous avons appris, par exemple, qu&#8217;il se passait autre chose en ville le m\u00eame week-end. Ce sont toujours des choses qu&#8217;on croit simples au d\u00e9part. Puis, lors des premi\u00e8res demandes de renseignements ou aupr\u00e8s de l&#8217;organisation, un autre obstacle se pr\u00e9sente. Jusqu&#8217;\u00e0 pr\u00e9sent, nous avons pratiquement surmont\u00e9 tous les obstacles qui se dressaient sur notre chemin. Et nous esp\u00e9rons que cela continuera ainsi.<\/p>\n<p><strong>Paravan :<\/strong> Pourquoi avoir fond\u00e9 une association ? On aurait pu simplement dire : \u00ab Rassemblons-nous ici et organisons un \u00e9v\u00e9nement.\u00bb Pourquoi maintenant une association avec un conseil d&#8217;administration, des statuts, un compte postal et tout ce qui va avec ?<\/p>\n<p><strong>Adrian :<\/strong> Soyons honn\u00eates : nous ne savons pas comment tout cela va se passer financi\u00e8rement. La salle a aussi un co\u00fbt, et nous ne pouvons pas la prendre en charge gratuitement. Nous voulions plus ou moins garantir la responsabilit\u00e9 de l&#8217;association au final. C&#8217;est d&#8217;ailleurs la seule raison. Nous avons un excellent coll\u00e8gue au conseil d\u2019administration, Philipp, le mari de Claudia, qui est avocat. Il nous a donn\u00e9 d&#8217;excellents conseils et nous a \u00e9galement beaucoup aid\u00e9s pour le contrat de location de la salle. C&#8217;est une valeur inestimable pour nous. Nous ne sommes pas du genre \u00e0 organiser des centaines d&#8217;\u00e9v\u00e9nements d&#8217;une telle envergure.<\/p>\n<p><strong>Claudia :<\/strong> Un autre d\u00e9fi que nous avons constat\u00e9 est le suivant : quelles sont nos forces et nos faiblesses ? Nous nous connaissons bien, mais nous nous connaissons gr\u00e2ce \u00e0 notre exp\u00e9rience dans le domaine de la cache. Nous ne nous connaissons pas pour les questions financi\u00e8res. Nous ne nous connaissons pas pour les questions de renseignements, de fiabilit\u00e9, de comp\u00e9tences manuelles, etc. Bien s\u00fbr, nous avons initialement attribu\u00e9 des responsabilit\u00e9s. Mais il y avait des responsabilit\u00e9s dont personne ne se sentait responsable. Chacun doit simplement faire de son mieux. Et parfois, il y a des points sur lesquels nous ne sommes pas forc\u00e9ment d\u2019accord. Au final, il faut s\u2019y faire.<\/p>\n<p><strong>Paravan :<\/strong> Recommandez-vous la cr\u00e9ation d\u2019une association \u00e0 quelqu\u2019un qui organise un \u00e9v\u00e9nement de grande envergure ?<\/p>\n<p><strong>Claudia :<\/strong> Absolument. Et puis, \u00e7a vaut vraiment le coup ! Comme je l\u2019ai dit, nous avons eu la chance que Philipp, mon mari, soit un expert. Mais \u00e7a vaut aussi le coup de d\u00e9penser un peu plus pour que quelqu\u2019un qui sait ce qu\u2019il fait comprenne tout. Parce que ce que vous signez est ce que vous signez, et il n\u2019y a pas de retour en arri\u00e8re possible.<\/p>\n<p><strong>Paravan :<\/strong> Cela soul\u00e8ve la question : de quel budget parlons-nous ? Pour vous donner une id\u00e9e, une salle comme celle-l\u00e0 ne co\u00fbte probablement pas seulement deux francs par participant. Pourriez-vous nous en dire plus sur le budget ?<\/p>\n<p><strong>Claudia :<\/strong> C\u2019est \u00e9videmment une somme \u00e0 cinq chiffres. Nous ne savons pas encore exactement combien. C\u2019est vrai. Nous avons bien s\u00fbr nos d\u00e9penses budg\u00e9tis\u00e9es, qui sont d\u00e9j\u00e0 fix\u00e9es. Mais par exemple, un food truck ou autre chose, c\u2019est un sujet distinct ; il pourrait y avoir des frais suppl\u00e9mentaires. Nous ne pouvons pas encore le dire. Mais une chose est s\u00fbre : c\u2019est une somme \u00e0 cinq chiffres. Et puis, bien s\u00fbr, vous pouvez aussi vous demander si vous devez acheter un t-shirt et une veste rouges.<\/p>\n<p><strong>Paravan :<\/strong> L\u2019effet a \u00e9t\u00e9 fort. C\u2019est donc probablement un investissement rentable. Je reviens \u00e0 toi, Marius. Tu as dit, que vous avez particip\u00e9 \u00e0 d\u2019autres \u00e9v\u00e9nements. Je vous ai aussi vu avec un stand \u00e0 Frauenfeld. Quand vous repensez \u00e0 vos participations \u00e0 des \u00e9v\u00e9nements, que ce soit officiellement en tant que repr\u00e9sentant de \u00ab Gr\u00fcezi SCHwiiz \u00bb ou \u00e0 titre priv\u00e9 en tant que g\u00e9ocacheur, quels sont les bons souvenirs qui vous motivent \u00e0 y participer ?<\/p>\n<p><strong>F\u00e4bu :<\/strong> Je peux dire : nous \u00e9tions en Autriche pour un m\u00e9ga-\u00e9v\u00e9nement. J&#8217;\u00e9tais seul \u00e0 la recherche de caches. Des gens venaient de Slov\u00e9nie et de R\u00e9publique tch\u00e8que. \u00ab Ah, Gr\u00fcezi sCHwiiz !\u00bb Vous \u00eates quelque part \u00e0 l&#8217;\u00e9tranger. Certaines personnes connaissent d\u00e9j\u00e0 cet \u00e9v\u00e9nement. Ils ne parlent pas allemand et parlent \u00e0 peine anglais, mais ils nous connaissent. C&#8217;est une exp\u00e9rience formidable de se faire conna\u00eetre dans toute l&#8217;Europe.<\/p>\n<p><strong>Paravan :<\/strong> Quand vous portez un t-shirt rouge et que vous participez \u00e0 un \u00e9v\u00e9nement, qu&#8217;emportez-vous ? Qu&#8217;est-ce qui vous pla\u00eet ?<\/p>\n<p><strong>Adrian :<\/strong> Nous avons \u00e9videmment une vision tr\u00e8s diff\u00e9rente des \u00e9v\u00e9nements depuis que nous organisons nous-m\u00eames. Comment \u00e9taient organis\u00e9s le restaurant et les boissons ? Quelles Adventure Labs proposaient-ils ? Nous avons examin\u00e9 cela en d\u00e9tail. Comment se d\u00e9roulait l\u2019organisation ? O\u00f9 les coll\u00e8gues, qui cachent aussi, ont-ils dit que quelque chose n\u2019allait pas ou les d\u00e9rangeait ? Notre perception de ces choses est tr\u00e8s diff\u00e9rente maintenant.<\/p>\n<p><strong>Paravan :<\/strong> Mais je persiste : que voulez-vous que les gens retiennent de votre \u00e9v\u00e9nement ?<\/p>\n<p><strong>Adrian :<\/strong> Qu\u2019ils disent lors de l\u2019\u00e9v\u00e9nement principal : \u00ab Waouh, on n\u2019a jamais vu \u00e7a ! On veut le revoir.\u00bb C\u2019est l\u2019objectif principal, non ? Quand je vais \u00e0 un \u00e9v\u00e9nement comme celui-l\u00e0, qu\u2019il s\u2019agisse d\u2019une m\u00e9ga, d\u2019une giga ou d\u2019une f\u00eate de quartier, je veux vivre une exp\u00e9rience in\u00e9dite. Notre objectif est d\u2019organiser quelque chose de ce genre. Si nous r\u00e9ussissons, les participants nous en parleront. L\u2019objectif est de cr\u00e9er un effet \u00ab waouh \u00bb. Claudia : M\u00eame si on n\u2019y arrive pas vraiment, si on n\u2019atteint pas l\u2019effet \u00ab waouh \u00bb, on veut que les gens rentrent chez eux en se disant : \u00ab Tiens, j\u2019ai trouv\u00e9 \u00e7a g\u00e9nial aujourd\u2019hui. J\u2019ai rencontr\u00e9 des gens vraiment g\u00e9niaux \u2013 des gens que je n\u2019avais pas vus depuis longtemps, mais aussi de nouveaux visages de cacheurs. J\u2019ai pu me d\u00e9tendre, manger du g\u00e2teau, avoir de bonnes conversations et passer un super moment.\u00bb<\/p>\n<p><strong>Paravan :<\/strong> J\u2019ai h\u00e2te de voir ce qui nous attend du 4 au 6 septembre 2026. Je suis curieux de la surprise qui nous attend \u2013 quelque chose de jamais vu en Suisse. Et oui, qu\u2019y a-t-il d\u2019autre \u00e0 ajouter ? Des mots de fin c\u00e9l\u00e8bres ? Marius, as-tu autre chose ?<\/p>\n<p><strong>Marius :<\/strong> Oui, je suis d\u2019accord avec ce que les trois autres ont dit plus t\u00f4t. Pour moi, c\u2019est un grand honneur que nous organisions cela dans ma r\u00e9gion. L\u2019objectif principal est que les gens d\u00e9couvrent la r\u00e9gion, passent un bon moment et repartent avec quelque chose \u2013 quelque chose qu\u2019ils n\u2019ont jamais vu auparavant. Paravan : Bon, on verra bien. Bonne chance et merci pour vos efforts.<br \/>\n<\/div><div class='rmwp-toggle-end'><\/div><\/p>\n","protected":false},"excerpt":{"rendered":"<p>Deutsch Das Projekt Das Ziel des Vereins ist es (gr\u00f6ssere) Veranstaltungen (Events) in der Schweiz durchzuf\u00fchren und tolle Dosen zu erschaffen und Interessierte zusammenzubringen. Dazu pflegt der Verein Kontakte mit Beh\u00f6rden, Verb\u00e4nden und Privatpersonen und ist in der \u00d6ffentlichkeit pr\u00e4sent. Unser Projekt beim Schweizer Geocaching Podcast von Paravan (#175): Wir haben den Podcast transkribiert, du [&hellip;]<\/p>\n","protected":false},"author":1,"featured_media":0,"parent":0,"menu_order":0,"comment_status":"closed","ping_status":"closed","template":"","meta":{"footnotes":""},"class_list":["post-83","page","type-page","status-publish","hentry"],"_links":{"self":[{"href":"https:\/\/gr\u00fcezi-schwiiz.ch\/index.php?rest_route=\/wp\/v2\/pages\/83","targetHints":{"allow":["GET"]}}],"collection":[{"href":"https:\/\/gr\u00fcezi-schwiiz.ch\/index.php?rest_route=\/wp\/v2\/pages"}],"about":[{"href":"https:\/\/gr\u00fcezi-schwiiz.ch\/index.php?rest_route=\/wp\/v2\/types\/page"}],"author":[{"embeddable":true,"href":"https:\/\/gr\u00fcezi-schwiiz.ch\/index.php?rest_route=\/wp\/v2\/users\/1"}],"replies":[{"embeddable":true,"href":"https:\/\/gr\u00fcezi-schwiiz.ch\/index.php?rest_route=%2Fwp%2Fv2%2Fcomments&post=83"}],"version-history":[{"count":20,"href":"https:\/\/gr\u00fcezi-schwiiz.ch\/index.php?rest_route=\/wp\/v2\/pages\/83\/revisions"}],"predecessor-version":[{"id":599,"href":"https:\/\/gr\u00fcezi-schwiiz.ch\/index.php?rest_route=\/wp\/v2\/pages\/83\/revisions\/599"}],"wp:attachment":[{"href":"https:\/\/gr\u00fcezi-schwiiz.ch\/index.php?rest_route=%2Fwp%2Fv2%2Fmedia&parent=83"}],"curies":[{"name":"wp","href":"https:\/\/api.w.org\/{rel}","templated":true}]}}